{"id":1212,"date":"2021-10-14T11:06:12","date_gmt":"2021-10-14T09:06:12","guid":{"rendered":"https:\/\/www.vga-fr.org\/sections\/basket-ball\/?post_type=stages&#038;p=1212"},"modified":"2021-10-21T09:05:33","modified_gmt":"2021-10-21T07:05:33","slug":"basket-stage-de-toussaint-2021","status":"publish","type":"stages","link":"https:\/\/www.vga-fr.org\/sections\/basket-ball\/stages\/basket-stage-de-toussaint-2021\/","title":{"rendered":"[BASKET] Stage de Toussaint 2021"},"content":{"rendered":"<p style=\"font-weight: 400;\"><strong>STAGES DE PERFECTIONNEMENT<\/strong><\/p>\n<p style=\"font-weight: 400;\"><strong>Stages pour les licenci\u00e9s FFBB,\u00a0<\/strong><strong>organis\u00e9s par la VGA Basket,\u00a0<\/strong><strong>pendant les vacances scolaires d&rsquo;automne (du 25 octobre au 5 novembre 2021)<\/strong><\/p>\n<p>&nbsp;<\/p>\n<h1 style=\"font-weight: 400;\"><strong>Cat\u00e9gories f\u00e9minines et masculines U9 \u00e0 U13<\/strong><\/h1>\n<p style=\"font-weight: 400;\"><strong>salle Pat\u00e9 9h30 \u00e0 12h30\/13h30 \u00e0 17h00 (la journ\u00e9e)<\/strong><\/p>\n<p style=\"font-weight: 400;\"><strong>\u00a0<\/strong>semaine 1 :\u00a0<strong>du lundi 25 au vendredi 29 octobre<\/strong>\u00a0(<u>5 jours<\/u>)<\/p>\n<p style=\"font-weight: 400;\">sous la direction de Patrick OLENDO<\/p>\n<p style=\"font-weight: 400;\">140 \u20ac<\/p>\n<p style=\"font-weight: 400;\">semaine 2\u00a0:\u00a0<strong>du mardi 2 au vendredi 5 novembre<\/strong>\u00a0\u00a0(<u>4 jours<\/u>)<\/p>\n<p style=\"font-weight: 400;\">sous la direction de Matthieu BARNOUD<\/p>\n<p style=\"font-weight: 400;\">115 \u20ac<\/p>\n<h1 style=\"font-weight: 400;\"><strong>Cat\u00e9gories f\u00e9minines et masculines U15 \u00e0 U18<\/strong><\/h1>\n<p style=\"font-weight: 400;\"><strong>Salle de Corneilles de 13h00 \u00e0 17h00 (la demi-journ\u00e9e)<\/strong><\/p>\n<p style=\"font-weight: 400;\">Semaine 1\u00a0:\u00a0<strong>du lundi 25 au jeudi 28 octobre<\/strong>\u00a0(<u>4 demi-journ\u00e9es<\/u>)<\/p>\n<p style=\"font-weight: 400;\">sous la direction de Thomas BREGGION<\/p>\n<p style=\"font-weight: 400;\">80 \u20ac<\/p>\n<p style=\"font-weight: 400;\">Semaine 2\u00a0:\u00a0<strong>du mardi 2 au vendredi 5 novembre<\/strong>\u00a0(<u>4 demi-journ\u00e9es<\/u>)<\/p>\n<p style=\"font-weight: 400;\">Sous la direction de Patrick OLENDO<\/p>\n<p style=\"font-weight: 400;\">80 \u20ac<\/p>\n<p>&nbsp;<\/p>\n<p style=\"font-weight: 400;\"><em>Pour les stages U9-U13 (stage \u00e0 la journ\u00e9e)<\/em><\/p>\n<p style=\"font-weight: 400;\"><em>possibilit\u00e9 d\u2019apporter son pique-nique pour d\u00e9jeuner sur place<\/em><\/p>\n<p style=\"font-weight: 400;\"><strong><u>Inscription\u00a0en ligne<\/u><\/strong><strong>\u00a0(cliquez sur le lien en rouge ci-dessous)<\/strong><\/p>\n<p style=\"font-weight: 400;\"><span style=\"color: #ff0000;\">&#8211;\u00a0<a style=\"color: #ff0000;\" href=\"https:\/\/forms.gle\/hDX4gi2xc43FFBCx8\" data-saferedirecturl=\"https:\/\/www.google.com\/url?q=https:\/\/forms.gle\/hDX4gi2xc43FFBCx8&amp;source=gmail&amp;ust=1634284388621000&amp;usg=AFQjCNGw-qUESJHt134kuQ2GL9JDYgKy0w\">J&rsquo;INSCRIS MON ENFANT<\/a>\u00a0&#8211;<\/span><\/p>\n<p style=\"font-weight: 400;\"><strong><em>Bienvenue aux filles\u00a0!!!<\/em><\/strong><\/p>\n<p style=\"font-weight: 400;\">Salle Henry Pat\u00e9, 30 avenue Pierre Brossolette, Saint-Maur-des-Foss\u00e9s<\/p>\n<p style=\"font-weight: 400;\">Salle des Corneilles, 47 boulevard des Corneilles, Saint-Maur-des-Foss\u00e9s<\/p>\n<p style=\"font-weight: 400;\">Places limit\u00e9es \u00e0 30 participants par stage &#8211; inscrivez-vous d\u00e8s maintenant !<\/p>\n<p style=\"font-weight: 400;\">Renseignements :\u00a0<a href=\"mailto:vgabasketstages@gmail.com\">vgabasketstages@gmail.com<\/a><\/p>\n<p style=\"font-weight: 400;\">&#8212;&#8212;<\/p>\n<p style=\"font-weight: 400;\"><strong>IMPORTANT<\/strong><\/p>\n<p style=\"font-weight: 400;\"><strong>Annulation des stages<\/strong><\/p>\n<p style=\"font-weight: 400;\">Au regard de l&rsquo;\u00e9volution de la pand\u00e9mie du Coronavirus, de l&rsquo;application des mesures sanitaires et de sa mise en \u0153uvre par le service des sports, la VGA Basket peut \u00eatre contrainte d&rsquo;annuler \u00e0 tout moment les stages.<\/p>\n","protected":false},"excerpt":{"rendered":"<p>STAGES DE PERFECTIONNEMENT Stages pour les licenci\u00e9s FFBB,\u00a0organis\u00e9s par la VGA Basket,\u00a0pendant les vacances scolaires d&rsquo;automne (du 25 octobre au 5 novembre 2021) &nbsp; Cat\u00e9gories f\u00e9minines et masculines U9 \u00e0 U13 salle Pat\u00e9 9h30 \u00e0 12h30\/13h30 \u00e0 17h00 (la journ\u00e9e) \u00a0semaine 1 :\u00a0du lundi 25 au vendredi 29 octobre\u00a0(5 jours) sous la direction de Patrick [&hellip;]<\/p>\n","protected":false},"author":10,"featured_media":1213,"parent":0,"menu_order":0,"comment_status":"open","ping_status":"open","template":"","format":"standard","meta":{"_seopress_robots_primary_cat":"","_et_pb_use_builder":"","_et_pb_old_content":"","_et_gb_content_width":""},"niveaux":[],"periodes":[5],"_links":{"self":[{"href":"https:\/\/www.vga-fr.org\/sections\/basket-ball\/wp-json\/wp\/v2\/stages\/1212"}],"collection":[{"href":"https:\/\/www.vga-fr.org\/sections\/basket-ball\/wp-json\/wp\/v2\/stages"}],"about":[{"href":"https:\/\/www.vga-fr.org\/sections\/basket-ball\/wp-json\/wp\/v2\/types\/stages"}],"author":[{"embeddable":true,"href":"https:\/\/www.vga-fr.org\/sections\/basket-ball\/wp-json\/wp\/v2\/users\/10"}],"replies":[{"embeddable":true,"href":"https:\/\/www.vga-fr.org\/sections\/basket-ball\/wp-json\/wp\/v2\/comments?post=1212"}],"version-history":[{"count":2,"href":"https:\/\/www.vga-fr.org\/sections\/basket-ball\/wp-json\/wp\/v2\/stages\/1212\/revisions"}],"predecessor-version":[{"id":1230,"href":"https:\/\/www.vga-fr.org\/sections\/basket-ball\/wp-json\/wp\/v2\/stages\/1212\/revisions\/1230"}],"wp:featuredmedia":[{"embeddable":true,"href":"https:\/\/www.vga-fr.org\/sections\/basket-ball\/wp-json\/wp\/v2\/media\/1213"}],"wp:attachment":[{"href":"https:\/\/www.vga-fr.org\/sections\/basket-ball\/wp-json\/wp\/v2\/media?parent=1212"}],"wp:term":[{"taxonomy":"niveaux","embeddable":true,"href":"https:\/\/www.vga-fr.org\/sections\/basket-ball\/wp-json\/wp\/v2\/niveaux?post=1212"},{"taxonomy":"periodes","embeddable":true,"href":"https:\/\/www.vga-fr.org\/sections\/basket-ball\/wp-json\/wp\/v2\/periodes?post=1212"}],"curies":[{"name":"wp","href":"https:\/\/api.w.org\/{rel}","templated":true}]}}